{"id":1187,"date":"2024-02-16T16:52:24","date_gmt":"2024-02-16T15:52:24","guid":{"rendered":"https:\/\/carrieres-vmcv.ch\/warum-vmcv\/"},"modified":"2024-09-27T11:11:27","modified_gmt":"2024-09-27T09:11:27","slug":"warum-vmcv","status":"publish","type":"page","link":"https:\/\/carrieres-vmcv.ch\/de\/warum-vmcv\/","title":{"rendered":"Warum VMCV"},"content":{"rendered":"\n<div class=\"wp-block-cover is-light  \" style=\"margin-top:var(--wp--preset--spacing--20);margin-bottom:var(--wp--preset--spacing--80);padding-bottom:0\"><span aria-hidden=\"true\" class=\"wp-block-cover__background has-background-dim-0 has-background-dim\"><\/span><img loading=\"lazy\" decoding=\"async\" width=\"2560\" height=\"805\" class=\"wp-block-cover__image-background wp-image-959\" alt=\"Vmcv Bandeau Pourquoi Travailler Chez Vmcv@3x 1\" src=\"https:\/\/carrieres-vmcv.ch\/wp-content\/uploads\/2024\/03\/vmcv-bandeau-pourquoi-travailler-chez-vmcv@3x-1-scaled.jpg\" data-object-fit=\"cover\" srcset=\"https:\/\/carrieres-vmcv.ch\/wp-content\/uploads\/2024\/03\/vmcv-bandeau-pourquoi-travailler-chez-vmcv@3x-1-scaled.jpg 2560w, https:\/\/carrieres-vmcv.ch\/wp-content\/uploads\/2024\/03\/vmcv-bandeau-pourquoi-travailler-chez-vmcv@3x-1-300x94.jpg 300w, https:\/\/carrieres-vmcv.ch\/wp-content\/uploads\/2024\/03\/vmcv-bandeau-pourquoi-travailler-chez-vmcv@3x-1-1024x322.jpg 1024w, https:\/\/carrieres-vmcv.ch\/wp-content\/uploads\/2024\/03\/vmcv-bandeau-pourquoi-travailler-chez-vmcv@3x-1-768x242.jpg 768w, https:\/\/carrieres-vmcv.ch\/wp-content\/uploads\/2024\/03\/vmcv-bandeau-pourquoi-travailler-chez-vmcv@3x-1-1536x483.jpg 1536w, https:\/\/carrieres-vmcv.ch\/wp-content\/uploads\/2024\/03\/vmcv-bandeau-pourquoi-travailler-chez-vmcv@3x-1-2048x644.jpg 2048w\" sizes=\"(max-width: 2560px) 100vw, 2560px\" \/><div class=\"wp-block-cover__inner-container is-layout-constrained wp-block-cover-is-layout-constrained\">\n<h1 class=\"wp-block-heading has-text-align-center has-theme-white-color has-text-color has-link-color has-poppins-font-family wp-elements-89d67af0270bf55ab1eaae3aa061d69e\" style=\"font-size:clamp(35.641px, 2.228rem + ((1vw - 3.2px) * 2.294), 65px);line-height:1\">Warum sollten<nobr> Sie<\/nobr> <br>bei VMCV arbeiten<nobr>?<\/nobr><\/h1>\n<\/div><\/div>\n\n\n\n<h2 class=\"wp-block-heading has-text-align-center has-poppins-font-family  \" style=\"padding-right:var(--wp--preset--spacing--20);padding-left:var(--wp--preset--spacing--20)\"><strong>VMCV zu w\u00e4hlen bedeutet, eine Leidenschaft f\u00fcr den \u00f6ffentlichen Verkehr im Alltag zu leben, In der au\u00dfergew\u00f6hnlichen Umgebung der Riviera.<\/strong><\/h2>\n\n\n\n<p class=\"has-text-align-center has-poppins-font-family  \" style=\"margin-bottom:var(--wp--preset--spacing--30);padding-right:var(--wp--preset--spacing--100);padding-left:var(--wp--preset--spacing--100)\">Als Arbeitgeber legen wir gro\u00dfen Wert auf ein ausgewogenes Verh\u00e4ltnis von Berufs- und Privatleben mit flexiblen Arbeitszeiten, die auf Ihre Situation zugeschnitten sind.\nWir sind daher bestrebt, ein angenehmes und stimulierendes Arbeitsumfeld zu schaffen, mit einer Gehaltsstruktur, die Sicherheit und Vorhersehbarkeit f\u00fcr Ihre Karriere bietet. <\/p>\n\n\n      <div class=\"wp-block-habefast-advanced-layout\">\r\n        <div class=\"wp-block-habefast-advanced-layout-container is-layout-constrained\"  style='--_hfal-l-m-b-lg:var(--wp--preset--spacing--100);--_hfal-l-p-t-md:0;--_hfal-l-p-r-md:var(--wp--preset--spacing--20);--_hfal-l-p-b-md:0;--_hfal-l-p-l-md:var(--wp--preset--spacing--20);--_hfal-l-p-t-sm:0;--_hfal-l-p-r-sm:var(--wp--preset--spacing--20);--_hfal-l-p-b-sm:0;--_hfal-l-p-l-sm:var(--wp--preset--spacing--20);--_hfal-l-m-b-md:var(--wp--preset--spacing--100);--_hfal-l-m-b-sm:var(--wp--preset--spacing--100);'>\r\n          \n      <div style=\"--_hfal-cs-w-lg:wrap;--_hfal-cs-cw-lg:50%;--_hfal-cs-j-lg:center;--_hfal-cs-va-lg:center;--_hfal-cs-p-t-sm:0;--_hfal-cs-p-r-sm:0;--_hfal-cs-p-b-sm:0;--_hfal-cs-p-l-sm:0;--_hfal-cs-m-t-sm:0;--_hfal-cs-m-r-sm:0;--_hfal-cs-m-b-sm:0;--_hfal-cs-m-l-sm:0;--_hfal-cs-w-md:wrap;--_hfal-cs-w-sm:wrap;--_hfal-cs-cw-md:50%;--_hfal-cs-cw-sm:50%;--_hfal-cs-j-md:center;--_hfal-cs-j-sm:center;--_hfal-cs-va-md:center;--_hfal-cs-va-sm:center;\" class=\"wp-block-habefast-advanced-layout-cols\">\r\n        <div class=\"wp-block-habefast-advanced-layout-cols-flex\">\r\n          \n      <div style=\"--_hfal-c-d-lg:flex;--_hfal-c-w-lg:50%;--_hfal-c-p-l-lg:var(--wp--preset--spacing--120);--_hfal-c-m-l-lg:var(--wp--preset--spacing--120);--_hfal-c-w-sm:100%;--_hfal-c-m-t-sm:0;--_hfal-c-m-r-sm:0;--_hfal-c-m-b-sm:0;--_hfal-c-m-l-sm:0;--_hfal-c-p-t-sm:0;--_hfal-c-p-r-sm:0;--_hfal-c-p-b-sm:0;--_hfal-c-p-l-sm:0;--_hfal-c-d-md:flex;--_hfal-c-d-sm:flex;--_hfal-c-w-md:50%;--_hfal-c-p-l-md:var(--wp--preset--spacing--120);--_hfal-c-m-l-md:var(--wp--preset--spacing--120);\" class=\"wp-block-habefast-advanced-layout-col\">\r\n        <div class=\"wp-block-habefast-advanced-layout-col-container is-layout-flow hf_animated fade_bottom none default\">\r\n          \n\n<div class=\"wp-block-group is-layout-constrained wp-block-group-is-layout-constrained\">\n<figure class=\"wp-block-image aligncenter size-large  \"><img loading=\"lazy\" decoding=\"async\" width=\"89\" height=\"89\" src=\"https:\/\/carrieres-vmcv.ch\/wp-content\/uploads\/2024\/02\/vmcv-bandeau-picto-employes.svg\" alt=\"Pico-Streifen f\u00fcr Mitarbeiter\" class=\"wp-image-323\"\/><\/figure>\n<\/div>\n\n\n\n<h3 class=\"wp-block-heading has-text-align-center has-poppins-font-family  \">+ 200 Mitarbeiter<\/h3>\n\n\n\n<p class=\"has-text-align-center has-poppins-font-family  \">Alle sind begeistert von <br>\u00d6ffentliche Verkehrsmittel<\/p>\n\n        <\/div>\r\n      <\/div>\r\n      \n\n      <div style=\"--_hfal-c-d-lg:flex;--_hfal-c-w-lg:50%;--_hfal-c-p-r-lg:var(--wp--preset--spacing--120);--_hfal-c-m-r-lg:var(--wp--preset--spacing--120);--_hfal-c-w-sm:100%;--_hfal-c-p-t-sm:0;--_hfal-c-p-r-sm:0;--_hfal-c-p-b-sm:0;--_hfal-c-p-l-sm:0;--_hfal-c-m-t-sm:var(--wp--preset--spacing--30);--_hfal-c-m-r-sm:0;--_hfal-c-m-b-sm:0;--_hfal-c-m-l-sm:0;--_hfal-c-d-md:flex;--_hfal-c-d-sm:flex;--_hfal-c-w-md:50%;--_hfal-c-p-r-md:var(--wp--preset--spacing--120);--_hfal-c-m-r-md:var(--wp--preset--spacing--120);\" class=\"wp-block-habefast-advanced-layout-col\">\r\n        <div class=\"wp-block-habefast-advanced-layout-col-container is-layout-flow hf_animated fade_bottom none default\">\r\n          \n\n<div class=\"wp-block-group is-layout-constrained wp-block-group-is-layout-constrained\">\n<figure class=\"wp-block-image aligncenter size-large  \"><img loading=\"lazy\" decoding=\"async\" width=\"89\" height=\"89\" src=\"https:\/\/carrieres-vmcv.ch\/wp-content\/uploads\/2024\/02\/vmcv-bandeau-emploi-picto-calendrier.svg\" alt=\"Vmcv Banner Job Picto Kalender\" class=\"wp-image-324\"\/><\/figure>\n<\/div>\n\n\n\n<h3 class=\"wp-block-heading has-text-align-center has-poppins-font-family  \">+ 130 Jahre<\/h3>\n\n\n\n<p class=\"has-text-align-center has-poppins-font-family  \">Innovation und Service an <br>die Region und ihre Bev\u00f6lkerung.<\/p>\n\n        <\/div>\r\n      <\/div>\r\n      \n        <\/div>\r\n      <\/div>\r\n      \n        <\/div>\r\n      <\/div>\r\n      \n\n\n<div class=\"wp-block-group alignfull has-theme-light-grey-background-color has-background is-layout-constrained wp-container-core-group-is-layout-623a9850 wp-block-group-is-layout-constrained\" style=\"margin-top:0;margin-bottom:0;padding-top:var(--wp--preset--spacing--50);padding-right:var(--wp--preset--spacing--20);padding-bottom:var(--wp--preset--spacing--100);padding-left:var(--wp--preset--spacing--20)\">\n<h2 class=\"wp-block-heading has-text-align-center is-style-underline has-poppins-font-family  hf_animated fade_left default \" style=\"margin-bottom:var(--wp--preset--spacing--50)\">Generationen verbinden: Mehr als ein Jahrhundert Mobilit\u00e4t an der Riviera<\/h2>\n\n\n      <div class=\"wp-block-habefast-advanced-layout\">\r\n        <div class=\"wp-block-habefast-advanced-layout-container is-layout-constrained\" >\r\n          \n      <div style=\"--_hfal-cs-w-lg:wrap;--_hfal-cs-cw-lg:50%;--_hfal-cs-g-h-lg:var(--wp--preset--spacing--80);--_hfal-cs-va-lg:center;--_hfal-cs-j-lg:center;--_hfal-cs-w-md:wrap;--_hfal-cs-w-sm:wrap;--_hfal-cs-cw-md:50%;--_hfal-cs-cw-sm:50%;--_hfal-cs-g-h-md:var(--wp--preset--spacing--80);--_hfal-cs-g-h-sm:var(--wp--preset--spacing--80);--_hfal-cs-va-md:center;--_hfal-cs-va-sm:center;--_hfal-cs-j-md:center;--_hfal-cs-j-sm:center;\" class=\"wp-block-habefast-advanced-layout-columns\">\r\n        \n      <div style=\"--_hfal-c-d-lg:block;--_hfal-c-w-lg:55%;--_hfal-c-w-sm:100%;--_hfal-c-d-md:block;--_hfal-c-d-sm:block;--_hfal-c-w-md:55%;\" class=\"is-layout-flow wp-block-habefast-advanced-layout-column\">\r\n        \n\n<p class=\"has-poppins-font-family  \" style=\"margin-bottom:var(--wp--preset--spacing--30)\"><strong>Die \u00f6ffentlichen Verkehrsmittel Vevey-Montreux-Chillon-Villeneuve (VMCV), die durch die Inbetriebnahme der ersten elektrischen Stra\u00dfenbahn der Schweiz im Jahr 1888 gepr\u00e4gt wurden, sind die Essenz der Mobilit\u00e4t in der Region.<\/strong><\/p>\n\n\n\n<p class=\"has-poppins-font-family  \" style=\"margin-bottom:var(--wp--preset--spacing--30)\">VMCV hat sich entwickelt, indem es sich st\u00e4ndig an die sich \u00e4ndernden Bed\u00fcrfnisse seiner Gemeinschaft anpasste.\nVon der Inbetriebnahme der ersten Trolleybusse im Jahr 1957 bis zur Erweiterung des Netzes zum neuen H\u00f4pital Riviera-Chablais in Rennaz im Jahr 2019 und nach Pal\u00e9zieux im Jahr 2022, verk\u00f6rpert VMCV das kontinuierliche Engagement f\u00fcr Innovation und Service. <br><br>Jeder Tag in unserem Unternehmen ist daher ein neues Abenteuer, ein Austausch mit der Gemeinschaft und ein Beitrag zum lokalen Leben.<\/p>\n\n\n\n<div class=\"wp-block-buttons is-layout-flex wp-block-buttons-is-layout-flex\" style=\"margin-bottom:var(--wp--preset--spacing--20)\">\n<div class=\"wp-block-button is-style-back-grey has-poppins-font-family  \"><a class=\"wp-block-button__link wp-element-button\" href=\"https:\/\/carrieres-vmcv.ch\/de\/sich-bewerben-um\/\">Sich bewerben um <\/a><\/div>\n<\/div>\n\n      <\/div>\r\n      \n\n      <div style=\"--_hfal-c-d-lg:block;--_hfal-c-w-lg:35%;--_hfal-c-w-sm:100%;--_hfal-c-d-md:block;--_hfal-c-d-sm:block;--_hfal-c-w-md:35%;\" class=\"is-layout-flow wp-block-habefast-advanced-layout-column\">\r\n        \n\n<figure class=\"wp-block-image size-large  \"><img loading=\"lazy\" decoding=\"async\" width=\"1024\" height=\"805\" src=\"https:\/\/carrieres-vmcv.ch\/wp-content\/uploads\/2024\/02\/vmcv-travailler-chez-vmcv-image-01@3x-1024x805.jpg\" alt=\"Vmcv Arbeiten bei Vmcv Bild 01@3x\" class=\"wp-image-330\" srcset=\"https:\/\/carrieres-vmcv.ch\/wp-content\/uploads\/2024\/02\/vmcv-travailler-chez-vmcv-image-01@3x-1024x805.jpg 1024w, https:\/\/carrieres-vmcv.ch\/wp-content\/uploads\/2024\/02\/vmcv-travailler-chez-vmcv-image-01@3x-300x236.jpg 300w, https:\/\/carrieres-vmcv.ch\/wp-content\/uploads\/2024\/02\/vmcv-travailler-chez-vmcv-image-01@3x-768x604.jpg 768w, https:\/\/carrieres-vmcv.ch\/wp-content\/uploads\/2024\/02\/vmcv-travailler-chez-vmcv-image-01@3x.jpg 1389w\" sizes=\"(max-width: 1024px) 100vw, 1024px\" \/><\/figure>\n\n      <\/div>\r\n      \n      <\/div>\r\n      \n        <\/div>\r\n      <\/div>\r\n      <\/div>\n\n\n\n<h2 class=\"wp-block-heading has-text-align-center is-style-underline has-poppins-font-family  hf_animated fade_left default \" style=\"margin-top:var(--wp--preset--spacing--120);margin-right:var(--wp--preset--spacing--20);margin-bottom:var(--wp--preset--spacing--50);margin-left:var(--wp--preset--spacing--20)\">Die 4 S\u00e4ulen unseres Versprechens als Arbeitgeber<\/h2>\n\n\n      <div class=\" hf_animated fade_bottom none default wp-block-habefast-advanced-layout\">\r\n        <div class=\"wp-block-habefast-advanced-layout-container is-layout-constrained\"  style='--_hfal-l-m-b-lg:var(--wp--preset--spacing--80);--_hfal-l-p-r-lg:var(--wp--preset--spacing--20);--_hfal-l-p-l-lg:var(--wp--preset--spacing--20);--_hfal-l-m-b-md:var(--wp--preset--spacing--80);--_hfal-l-m-b-sm:var(--wp--preset--spacing--80);--_hfal-l-p-r-md:var(--wp--preset--spacing--20);--_hfal-l-p-r-sm:var(--wp--preset--spacing--20);--_hfal-l-p-l-md:var(--wp--preset--spacing--20);--_hfal-l-p-l-sm:var(--wp--preset--spacing--20);'>\r\n          \n      <div style=\"--_hfal-cs-w-lg:wrap;--_hfal-cs-cw-lg:50%;--_hfal-cs-g-h-lg:var(--wp--preset--spacing--100);--_hfal-cs-w-md:wrap;--_hfal-cs-w-sm:wrap;--_hfal-cs-cw-md:50%;--_hfal-cs-cw-sm:50%;--_hfal-cs-g-h-md:var(--wp--preset--spacing--100);--_hfal-cs-g-h-sm:var(--wp--preset--spacing--100);\" class=\" has-gap wp-block-habefast-advanced-layout-cols\">\r\n        <div class=\"wp-block-habefast-advanced-layout-cols-flex\">\r\n          \n      <div style=\"--_hfal-c-d-lg:flex;--_hfal-c-w-lg:50%;--_hfal-c-w-sm:100%;--_hfal-c-p-r-lg:0;--_hfal-c-bc-lg:#fbfbfb;--_hfal-c-p-b-lg:var(--wp--preset--spacing--50);--_hfal-c-p-l-lg:0;--_hfal-c-m-t-md:0;--_hfal-c-m-r-md:0;--_hfal-c-m-b-md:var(--wp--preset--spacing--50);--_hfal-c-m-l-md:0;--_hfal-c-m-t-sm:0;--_hfal-c-m-r-sm:0;--_hfal-c-m-b-sm:var(--wp--preset--spacing--50);--_hfal-c-m-l-sm:0;--_hfal-c-bxs-lg:0px 0px 3px 0px #0000003b;--_hfal-c-m-t-lg:2px;--_hfal-c-m-r-lg:2px;--_hfal-c-m-b-lg:2px;--_hfal-c-m-l-lg:2px;--_hfal-c-d-md:flex;--_hfal-c-d-sm:flex;--_hfal-c-w-md:50%;--_hfal-c-p-r-md:0;--_hfal-c-p-r-sm:0;--_hfal-c-bc-md:#fbfbfb;--_hfal-c-bc-sm:#fbfbfb;--_hfal-c-p-b-md:var(--wp--preset--spacing--50);--_hfal-c-p-b-sm:var(--wp--preset--spacing--50);--_hfal-c-p-l-md:0;--_hfal-c-p-l-sm:0;--_hfal-c-bxs-md:0px 0px 3px 0px #0000003b;--_hfal-c-bxs-sm:0px 0px 3px 0px #0000003b;\" class=\"wp-block-habefast-advanced-layout-col\">\r\n        <div class=\"wp-block-habefast-advanced-layout-col-container is-layout-flow\">\r\n          \n\n<h3 class=\"wp-block-heading has-theme-white-color has-text-color has-background has-link-color has-poppins-font-family wp-elements-be8483c67e95a92c3b3b38bb07dd1c9a\" style=\"background-color:#63abf2;text-transform:uppercase\">unsere Leidenschaft<\/h3>\n\n\n\n<div class=\"wp-block-group is-layout-constrained wp-container-core-group-is-layout-ff778368 wp-block-group-is-layout-constrained\" style=\"padding-right:var(--wp--preset--spacing--30);padding-left:var(--wp--preset--spacing--30)\">\n<div class=\"wp-block-group is-nowrap is-layout-flex wp-container-core-group-is-layout-f8ce51fb wp-block-group-is-layout-flex\" style=\"padding-top:var(--wp--preset--spacing--30);padding-bottom:var(--wp--preset--spacing--30)\">\n<figure class=\"wp-block-image size-large  \"><img loading=\"lazy\" decoding=\"async\" width=\"52\" height=\"40\" src=\"https:\/\/carrieres-vmcv.ch\/wp-content\/uploads\/2024\/02\/vmcv-travailler-chez-vmcv-picto-bus.svg\" alt=\"Vmcv Arbeiten bei Vmcv Picto Bus\" class=\"wp-image-384\"\/><\/figure>\n\n\n\n<h3 class=\"wp-block-heading has-text-color has-link-color has-poppins-font-family wp-elements-3589332030a3685acc91ce3d5f1383d2\" style=\"color:#63abf2;text-transform:none\">\u00d6ffentliche Verkehrsmittel<\/h3>\n<\/div>\n\n\n\n<p class=\"has-poppins-font-family  \" style=\"padding-bottom:var(--wp--preset--spacing--20)\"><strong>\u00abWir glauben, dass die Leidenschaft f\u00fcr den \u00f6ffentlichen Verkehr ansteckend ist und dass das Teilen dieser Leidenschaft f\u00fcr einen hervorragenden Service f\u00fcr unsere Gemeinschaft unerl\u00e4sslich ist\u00bb.<\/strong><\/p>\n\n\n\n<p class=\"has-poppins-font-family  \">Jedes Mitglied unseres Teams widmet sich mit Engagement dem Dienst an der Region und ihren Bewohnern und ist sich der wesentlichen Rolle bewusst, die unsere Arbeit f\u00fcr das Leben unserer Gemeinschaft spielt.  <br><br>Unsere Fahrerinnen und Fahrer haben Spa\u00df daran, Fahrzeuge der neuesten Generation zu fahren, und genie\u00dfen es, mit den Menschen in der Region zu interagieren und eine enge Beziehung aufzubauen.  <br><br>Diese Leidenschaft f\u00fcr unseren Beruf, den &#8222;\u00f6ffentlichen Verkehr&#8220;, leben wir t\u00e4glich, und wir laden Sie ein, sie mit uns zu teilen.<\/p>\n<\/div>\n\n        <\/div>\r\n      <\/div>\r\n      \n\n      <div style=\"--_hfal-c-d-lg:flex;--_hfal-c-w-lg:50%;--_hfal-c-w-sm:100%;--_hfal-c-p-r-lg:0;--_hfal-c-bc-lg:#fbfbfb;--_hfal-c-p-b-lg:var(--wp--preset--spacing--50);--_hfal-c-p-l-lg:0;--_hfal-c-bxs-lg:0px 0px 3px 0px #0000003b;--_hfal-c-m-t-lg:2px;--_hfal-c-m-r-lg:2px;--_hfal-c-m-b-lg:2px;--_hfal-c-m-l-lg:2px;--_hfal-c-d-md:flex;--_hfal-c-d-sm:flex;--_hfal-c-w-md:50%;--_hfal-c-p-r-md:0;--_hfal-c-p-r-sm:0;--_hfal-c-bc-md:#fbfbfb;--_hfal-c-bc-sm:#fbfbfb;--_hfal-c-p-b-md:var(--wp--preset--spacing--50);--_hfal-c-p-b-sm:var(--wp--preset--spacing--50);--_hfal-c-p-l-md:0;--_hfal-c-p-l-sm:0;--_hfal-c-bxs-md:0px 0px 3px 0px #0000003b;--_hfal-c-bxs-sm:0px 0px 3px 0px #0000003b;--_hfal-c-m-t-md:2px;--_hfal-c-m-t-sm:2px;--_hfal-c-m-r-md:2px;--_hfal-c-m-r-sm:2px;--_hfal-c-m-b-md:2px;--_hfal-c-m-b-sm:2px;--_hfal-c-m-l-md:2px;--_hfal-c-m-l-sm:2px;\" class=\"wp-block-habefast-advanced-layout-col\">\r\n        <div class=\"wp-block-habefast-advanced-layout-col-container is-layout-flow\">\r\n          \n\n<h3 class=\"wp-block-heading has-theme-white-color has-text-color has-background has-link-color has-poppins-font-family wp-elements-60fa119f53332c523e2b270fdfe92d09\" style=\"background-color:#5098e0;text-transform:uppercase\">unser Arbeitsumfeld<\/h3>\n\n\n\n<div class=\"wp-block-group is-layout-constrained wp-container-core-group-is-layout-ff778368 wp-block-group-is-layout-constrained\" style=\"padding-right:var(--wp--preset--spacing--30);padding-left:var(--wp--preset--spacing--30)\">\n<div class=\"wp-block-group is-nowrap is-layout-flex wp-container-core-group-is-layout-f8ce51fb wp-block-group-is-layout-flex\" style=\"padding-top:var(--wp--preset--spacing--30);padding-bottom:var(--wp--preset--spacing--30)\">\n<figure class=\"wp-block-image size-large  \"><img loading=\"lazy\" decoding=\"async\" width=\"52\" height=\"40\" src=\"https:\/\/carrieres-vmcv.ch\/wp-content\/uploads\/2024\/02\/vmcv-travailler-chez-vmcv-picto-suisse.svg\" alt=\"Vmcv Arbeiten bei Vmcv Picto Schweiz\" class=\"wp-image-630\"\/><\/figure>\n\n\n\n<h3 class=\"wp-block-heading has-text-color has-link-color has-poppins-font-family wp-elements-751143c9ca38adb0649f4b8b76a3153e\" style=\"color:#5098e0;text-transform:none\">Die Region<\/h3>\n<\/div>\n\n\n\n<p class=\"has-poppins-font-family  \" style=\"padding-bottom:var(--wp--preset--spacing--20)\"><strong>\u00abDie Riviera ist nicht nur ein Arbeitsort, sondern eine Region, die reich an nat\u00fcrlicher und kultureller Sch\u00f6nheit ist, die wir jeden Tag erleben d\u00fcrfen\u00bb.<\/strong><\/p>\n\n\n\n<p class=\"has-poppins-font-family  \">Unser Unternehmen und unsere Buslinien befinden sich in Clarens und bedienen die Riviera in einer au\u00dfergew\u00f6hnlichen geographischen Lage.\nUnsere Mitarbeiter sch\u00e4tzen die menschliche Dimension unseres Verkehrsnetzes, das jede Stadt bedient, die Kundenbindung st\u00e4rkt und die M\u00f6glichkeit bietet, den Charme der Region mit anderen zu teilen.   <br><br>Unsere Mitarbeiterinnen und Mitarbeiter arbeiten in einer ruhigen und gelassenen Umgebung, die jeden Tag angenehmer und bereichernder macht.<\/p>\n<\/div>\n\n        <\/div>\r\n      <\/div>\r\n      \n\n      <div style=\"--_hfal-c-d-lg:flex;--_hfal-c-w-lg:50%;--_hfal-c-w-sm:100%;--_hfal-c-p-r-lg:0;--_hfal-c-bc-lg:#fbfbfb;--_hfal-c-p-b-lg:var(--wp--preset--spacing--50);--_hfal-c-p-l-lg:0;--_hfal-c-m-t-lg:var(--wp--preset--spacing--80);--_hfal-c-bxs-lg:0px 0px 3px 0px #0000003b;--_hfal-c-m-r-lg:2px;--_hfal-c-m-b-lg:2px;--_hfal-c-m-l-lg:2px;--_hfal-c-d-md:flex;--_hfal-c-d-sm:flex;--_hfal-c-w-md:50%;--_hfal-c-p-r-md:0;--_hfal-c-p-r-sm:0;--_hfal-c-bc-md:#fbfbfb;--_hfal-c-bc-sm:#fbfbfb;--_hfal-c-p-b-md:var(--wp--preset--spacing--50);--_hfal-c-p-b-sm:var(--wp--preset--spacing--50);--_hfal-c-p-l-md:0;--_hfal-c-p-l-sm:0;--_hfal-c-m-t-md:var(--wp--preset--spacing--80);--_hfal-c-m-t-sm:var(--wp--preset--spacing--80);--_hfal-c-bxs-md:0px 0px 3px 0px #0000003b;--_hfal-c-bxs-sm:0px 0px 3px 0px #0000003b;--_hfal-c-m-r-md:2px;--_hfal-c-m-r-sm:2px;--_hfal-c-m-b-md:2px;--_hfal-c-m-b-sm:2px;--_hfal-c-m-l-md:2px;--_hfal-c-m-l-sm:2px;\" class=\"wp-block-habefast-advanced-layout-col\">\r\n        <div class=\"wp-block-habefast-advanced-layout-col-container is-layout-flow\">\r\n          \n\n<h3 class=\"wp-block-heading has-theme-white-color has-theme-water-blue-background-color has-text-color has-background has-link-color has-poppins-font-family wp-elements-46abb7c24541f5b393666ebb654af9a8\" style=\"text-transform:uppercase\">unser Grundwert<\/h3>\n\n\n\n<div class=\"wp-block-group is-layout-constrained wp-container-core-group-is-layout-ff778368 wp-block-group-is-layout-constrained\" style=\"padding-right:var(--wp--preset--spacing--30);padding-left:var(--wp--preset--spacing--30)\">\n<div class=\"wp-block-group is-nowrap is-layout-flex wp-container-core-group-is-layout-f8ce51fb wp-block-group-is-layout-flex\" style=\"padding-top:var(--wp--preset--spacing--30);padding-bottom:var(--wp--preset--spacing--30)\">\n<figure class=\"wp-block-image size-large  \"><img loading=\"lazy\" decoding=\"async\" width=\"52\" height=\"40\" src=\"https:\/\/carrieres-vmcv.ch\/wp-content\/uploads\/2024\/02\/vmcv-travailler-chez-vmcv-picto-equilibre.svg\" alt=\"Vmcv Arbeiten bei Vmcv Picto Gleichgewicht\" class=\"wp-image-405\"\/><\/figure>\n\n\n\n<h3 class=\"wp-block-heading has-theme-water-blue-color has-text-color has-link-color has-poppins-font-family wp-elements-05bc34ecd940a65318b0fc22c24acd4b\" style=\"text-transform:none\">Gleichgewicht zwischen Berufs- und Privatleben<\/h3>\n<\/div>\n\n\n\n<p class=\"has-poppins-font-family  \" style=\"padding-bottom:var(--wp--preset--spacing--20)\"><strong>\u00abMit Flexibilit\u00e4t und auf Ihre individuelle Situation zugeschnittenen Arbeitszeiten sorgen wir daf\u00fcr, dass Sie Zeit f\u00fcr die wirklich wichtigen Dinge haben.\u00bb<\/strong><\/p>\n\n\n\n<p class=\"has-poppins-font-family  \">Wir sind davon \u00fcberzeugt, dass sich das Wohlbefinden unserer Mitarbeiter direkt auf die Qualit\u00e4t unserer Dienstleistungen auswirkt.\nAus diesem Grund bem\u00fchen wir uns, ein anregendes und komfortables Arbeitsumfeld zu schaffen, das die individuellen und famili\u00e4ren Bed\u00fcrfnisse jedes einzelnen Teammitglieds ber\u00fccksichtigt.   <br><br>Indem wir unseren Mitarbeitern flexible Arbeitszeiten anbieten, f\u00f6rdern wir eine harmonische Lebensbalance f\u00fcr alle unsere Teams.<\/p>\n<\/div>\n\n        <\/div>\r\n      <\/div>\r\n      \n\n      <div style=\"--_hfal-c-d-lg:flex;--_hfal-c-w-lg:50%;--_hfal-c-w-sm:100%;--_hfal-c-p-r-lg:0;--_hfal-c-bc-lg:#fbfbfb;--_hfal-c-p-b-lg:var(--wp--preset--spacing--50);--_hfal-c-p-l-lg:0;--_hfal-c-m-t-lg:var(--wp--preset--spacing--80);--_hfal-c-bxs-lg:0px 0px 3px 0px #0000003b;--_hfal-c-m-r-lg:2px;--_hfal-c-m-b-lg:1px;--_hfal-c-m-l-lg:2px;--_hfal-c-d-md:flex;--_hfal-c-d-sm:flex;--_hfal-c-w-md:50%;--_hfal-c-p-r-md:0;--_hfal-c-p-r-sm:0;--_hfal-c-bc-md:#fbfbfb;--_hfal-c-bc-sm:#fbfbfb;--_hfal-c-p-b-md:var(--wp--preset--spacing--50);--_hfal-c-p-b-sm:var(--wp--preset--spacing--50);--_hfal-c-p-l-md:0;--_hfal-c-p-l-sm:0;--_hfal-c-m-t-md:var(--wp--preset--spacing--80);--_hfal-c-m-t-sm:var(--wp--preset--spacing--80);--_hfal-c-bxs-md:0px 0px 3px 0px #0000003b;--_hfal-c-bxs-sm:0px 0px 3px 0px #0000003b;--_hfal-c-m-r-md:2px;--_hfal-c-m-r-sm:2px;--_hfal-c-m-b-md:1px;--_hfal-c-m-b-sm:1px;--_hfal-c-m-l-md:2px;--_hfal-c-m-l-sm:2px;\" class=\"wp-block-habefast-advanced-layout-col\">\r\n        <div class=\"wp-block-habefast-advanced-layout-col-container is-layout-flow\">\r\n          \n\n<h3 class=\"wp-block-heading has-theme-white-color has-text-color has-background has-link-color has-poppins-font-family wp-elements-ac7e284d43f5100cd26efc033799279a\" style=\"background-color:#0b5dae;text-transform:uppercase\">unsere Priorit\u00e4t<\/h3>\n\n\n\n<div class=\"wp-block-group is-layout-constrained wp-container-core-group-is-layout-ff778368 wp-block-group-is-layout-constrained\" style=\"padding-right:var(--wp--preset--spacing--30);padding-left:var(--wp--preset--spacing--30)\">\n<div class=\"wp-block-group is-nowrap is-layout-flex wp-container-core-group-is-layout-f8ce51fb wp-block-group-is-layout-flex\" style=\"padding-top:var(--wp--preset--spacing--30);padding-bottom:var(--wp--preset--spacing--30)\">\n<figure class=\"wp-block-image size-large  \"><img loading=\"lazy\" decoding=\"async\" width=\"52\" height=\"40\" src=\"https:\/\/carrieres-vmcv.ch\/wp-content\/uploads\/2024\/02\/vmcv-travailler-chez-vmcv-picto-sourire.svg\" alt=\"Vmcv Arbeiten Bei Vmcv Picto L\u00e4cheln\" class=\"wp-image-406\"\/><\/figure>\n\n\n\n<h3 class=\"wp-block-heading has-text-color has-link-color has-poppins-font-family wp-elements-2c1d3df61c2cbb09b7d69d11c50e1fa9\" style=\"color:#0b5dae;text-transform:none\">Arbeitsbedingungen<\/h3>\n<\/div>\n\n\n\n<p class=\"has-poppins-font-family  \" style=\"padding-bottom:var(--wp--preset--spacing--20)\"><strong>\u00abDie berufliche Entfaltung im Alltag pflegen: eine Vielfalt von Linien, eine gesicherte Karriereentwicklung, und das alles in der herrlichen Umgebung unserer Region.\u00bb<\/strong><\/p>\n\n\n\n<p class=\"has-poppins-font-family  \">Die \u00fcberschaubare Struktur unseres Unternehmens und die Vielfalt der Aufgaben und Linien machen jeden Arbeitstag stimulierend und bereichernd.\nWir verf\u00fcgen \u00fcber ein Verkehrsnetz, das es allen unseren Mitarbeitern erm\u00f6glicht, nicht nur die Natursch\u00f6nheiten der Region zu genie\u00dfen, sondern auch die Freundlichkeit unseres Alltags zu steigern.\nUnsere Priorit\u00e4t ist es, st\u00e4ndig in ein angenehmes Arbeitsumfeld zu investieren.    <br><br>Wir sorgen f\u00fcr die kontinuierliche Verbesserung unserer Arbeitsmethoden und die Modernisierung unseres Fuhrparks.\nAu\u00dferdem sind unsere Gehaltsstufen so gestaltet, dass sie Sicherheit und Vorhersehbarkeit f\u00fcr die Karriereentwicklung unserer Mitarbeiter bieten, so dass sie beruhigt in die Zukunft blicken k\u00f6nnen. <\/p>\n<\/div>\n\n        <\/div>\r\n      <\/div>\r\n      \n        <\/div>\r\n      <\/div>\r\n      \n        <\/div>\r\n      <\/div>\r\n      \n\n\n<div class=\"wp-block-group alignfull negative-margin has-theme-light-grey-background-color has-background is-vertical is-content-justification-center is-layout-flex wp-container-core-group-is-layout-70f9fb2b wp-block-group-is-layout-flex\" style=\"padding-top:var(--wp--preset--spacing--80);padding-right:var(--wp--preset--spacing--20);padding-left:var(--wp--preset--spacing--20)\">\n<h2 class=\"wp-block-heading is-style-underline has-poppins-font-family  hf_animated fade_left default \">Schlie\u00dfen Sie sich uns an!<\/h2>\n\n\n\n<div class=\"wp-block-group is-layout-constrained wp-container-core-group-is-layout-11c1ca01 wp-block-group-is-layout-constrained\" style=\"padding-right:var(--wp--preset--spacing--50);padding-left:var(--wp--preset--spacing--50)\">\n<p class=\"has-text-align-center has-poppins-font-family  \" style=\"padding-right:var(--wp--preset--spacing--120);padding-left:var(--wp--preset--spacing--120)\"><strong>Bei VMCV zu arbeiten bedeutet, Teil eines Teams zu werden, das sich der Exzellenz verschrieben hat, und aktiv zur Zukunft des \u00f6ffentlichen Verkehrs an der Riviera beizutragen.\nJede Mitarbeiterin und jeder Mitarbeiter spielt eine wesentliche Rolle in unserer Innovations- und Servicekette. <\/strong><\/p>\n<\/div>\n\n\n\n<p class=\"has-text-align-center has-poppins-font-family  \">Wir bieten Ihnen verschiedene M\u00f6glichkeiten und Karrierewege, um Teil unseres Teams zu werden:<\/p>\n\n\n\n<div class=\"wp-block-buttons is-content-justification-center is-layout-flex wp-container-core-buttons-is-layout-a89b3969 wp-block-buttons-is-layout-flex\">\n<div class=\"wp-block-button is-style-back-grey has-poppins-font-family  \"><a class=\"wp-block-button__link wp-element-button\" href=\"https:\/\/carrieres-vmcv.ch\/de\/sich-bewerben-um\/\">Sich bewerben um <\/a><\/div>\n<\/div>\n<\/div>\n\n\n      <div class=\"wp-block-habefast-advanced-layout\">\r\n        <div class=\"wp-block-habefast-advanced-layout-container\"  style='--_hfal-l-d-lg:flex;--_hfal-l-w-lg:33.3333333333%;--_hfal-l-w-sm:100%;--_hfal-l-bxs-lg:none;--_hfal-l-m-t-lg:0;--_hfal-l-m-b-lg:var(--wp--preset--spacing--80);--_hfal-l-m-l-lg:0;--_hfal-l-m-r-lg:0;--_hfal-l-p-b-lg:var(--wp--preset--spacing--30);--_hfal-l-p-t-md:0;--_hfal-l-p-r-md:var(--wp--preset--spacing--50);--_hfal-l-p-b-md:0;--_hfal-l-p-l-md:var(--wp--preset--spacing--50);--_hfal-l-d-md:flex;--_hfal-l-d-sm:flex;--_hfal-l-w-md:33.3333333333%;--_hfal-l-bxs-md:none;--_hfal-l-bxs-sm:none;--_hfal-l-m-t-md:0;--_hfal-l-m-t-sm:0;--_hfal-l-m-b-md:var(--wp--preset--spacing--80);--_hfal-l-m-b-sm:var(--wp--preset--spacing--80);--_hfal-l-m-l-md:0;--_hfal-l-m-l-sm:0;--_hfal-l-m-r-md:0;--_hfal-l-m-r-sm:0;--_hfal-l-p-b-sm:0;--_hfal-l-p-t-sm:0;--_hfal-l-p-r-sm:var(--wp--preset--spacing--50);--_hfal-l-p-l-sm:var(--wp--preset--spacing--50);'>\r\n          \n      <div style=\"--_hfal-cs-w-lg:wrap;--_hfal-cs-cw-lg:33.3333333333%;--_hfal-cs-j-lg:center;--_hfal-cs-va-lg:center;--_hfal-cs-g-h-lg:var(--wp--preset--spacing--30);--_hfal-cs-bxs-lg:0px 0px 3px 0px #394049;--_hfal-cs-p-t-md:0;--_hfal-cs-p-r-md:0;--_hfal-cs-p-b-md:0;--_hfal-cs-p-l-md:0;--_hfal-cs-m-t-md:0;--_hfal-cs-m-r-md:0;--_hfal-cs-m-b-md:0;--_hfal-cs-m-l-md:0;--_hfal-cs-g-h-md:var(--wp--preset--spacing--10);--_hfal-cs-g-v-md:var(--wp--preset--spacing--10);--_hfal-cs-cw-md:57%;--_hfal-cs-w-md:wrap;--_hfal-cs-w-sm:wrap;--_hfal-cs-cw-sm:57%;--_hfal-cs-j-md:center;--_hfal-cs-j-sm:center;--_hfal-cs-va-md:center;--_hfal-cs-va-sm:center;--_hfal-cs-g-h-sm:var(--wp--preset--spacing--10);--_hfal-cs-bxs-md:0px 0px 3px 0px #394049;--_hfal-cs-bxs-sm:0px 0px 3px 0px #394049;--_hfal-cs-p-t-sm:0;--_hfal-cs-p-r-sm:0;--_hfal-cs-p-b-sm:0;--_hfal-cs-p-l-sm:0;--_hfal-cs-m-t-sm:0;--_hfal-cs-m-r-sm:0;--_hfal-cs-m-b-sm:0;--_hfal-cs-m-l-sm:0;--_hfal-cs-g-v-sm:var(--wp--preset--spacing--10);\" class=\" has-gap wp-block-habefast-advanced-layout-cols\">\r\n        <div class=\"wp-block-habefast-advanced-layout-cols-flex\">\r\n          \n      <div style=\"--_hfal-c-d-lg:flex;--_hfal-c-w-lg:33.3333333333%;--_hfal-c-w-sm:100%;--_hfal-c-bxs-lg:0px 0px 3px 0px #39404945;--_hfal-c-m-b-lg:2px;--_hfal-c-m-t-lg:2px;--_hfal-c-m-r-lg:2px;--_hfal-c-m-l-lg:2px;--_hfal-c-p-b-lg:var(--wp--preset--spacing--30);--_hfal-c-p-l-lg:0;--_hfal-c-p-t-lg:0;--_hfal-c-p-r-lg:0;--_hfal-c-bc-lg:none;--_hfal-c-w-md:57%;--_hfal-c-d-md:flex;--_hfal-c-d-sm:flex;--_hfal-c-bxs-md:0px 0px 3px 0px #39404945;--_hfal-c-bxs-sm:0px 0px 3px 0px #39404945;--_hfal-c-m-b-md:2px;--_hfal-c-m-b-sm:2px;--_hfal-c-m-t-md:2px;--_hfal-c-m-t-sm:2px;--_hfal-c-m-r-md:2px;--_hfal-c-m-r-sm:2px;--_hfal-c-m-l-md:2px;--_hfal-c-m-l-sm:2px;--_hfal-c-p-b-md:var(--wp--preset--spacing--30);--_hfal-c-p-b-sm:var(--wp--preset--spacing--30);--_hfal-c-p-l-md:0;--_hfal-c-p-l-sm:0;--_hfal-c-p-t-md:0;--_hfal-c-p-t-sm:0;--_hfal-c-p-r-md:0;--_hfal-c-p-r-sm:0;--_hfal-c-bc-md:none;--_hfal-c-bc-sm:none;\" class=\"wp-block-habefast-advanced-layout-col\">\r\n        <div class=\"wp-block-habefast-advanced-layout-col-container is-layout-flow\">\r\n          \n\n<div class=\"wp-block-group has-theme-white-background-color has-background is-vertical is-content-justification-center is-layout-flex wp-container-core-group-is-layout-fa38c63a wp-block-group-is-layout-flex\">\n<figure class=\"wp-block-image size-full  \"><img loading=\"lazy\" decoding=\"async\" width=\"1179\" height=\"513\" src=\"https:\/\/carrieres-vmcv.ch\/wp-content\/uploads\/2024\/03\/vmcv-espace-carriere-image-conducteur-de-bus@3x.jpg\" alt=\"WWCV Karriereraum Bild Busfahrer\" class=\"wp-image-826\" style=\"object-fit:cover\" srcset=\"https:\/\/carrieres-vmcv.ch\/wp-content\/uploads\/2024\/03\/vmcv-espace-carriere-image-conducteur-de-bus@3x.jpg 1179w, https:\/\/carrieres-vmcv.ch\/wp-content\/uploads\/2024\/03\/vmcv-espace-carriere-image-conducteur-de-bus@3x-300x131.jpg 300w, https:\/\/carrieres-vmcv.ch\/wp-content\/uploads\/2024\/03\/vmcv-espace-carriere-image-conducteur-de-bus@3x-1024x446.jpg 1024w, https:\/\/carrieres-vmcv.ch\/wp-content\/uploads\/2024\/03\/vmcv-espace-carriere-image-conducteur-de-bus@3x-768x334.jpg 768w\" sizes=\"(max-width: 1179px) 100vw, 1179px\" \/><\/figure>\n\n\n\n<p class=\"has-text-align-center has-poppins-font-family has-normal-font-size  \"><strong>Busfahrer (M\/F)<br\/>100%, Clarens<\/strong><\/p>\n\n\n\n<div class=\"wp-block-buttons is-layout-flex wp-container-core-buttons-is-layout-9bedd9bf wp-block-buttons-is-layout-flex\">\n<div class=\"wp-block-button is-style-back-white has-poppins-font-family  \"><a class=\"wp-block-button__link has-text-align-center wp-element-button\" href=\"https:\/\/carrieres-vmcv.ch\/de\/beschaeftigung-als-busfahrer\/\">Entdecken Sie das Angebot<\/a><\/div>\n<\/div>\n<\/div>\n\n        <\/div>\r\n      <\/div>\r\n      \n\n      <div style=\"--_hfal-c-d-lg:flex;--_hfal-c-w-lg:33.3333333333%;--_hfal-c-w-sm:100%;--_hfal-c-bxs-lg:0px 0px 3px 0px #39404945;--_hfal-c-m-t-lg:2px;--_hfal-c-m-b-lg:2px;--_hfal-c-m-r-lg:2px;--_hfal-c-m-l-lg:2px;--_hfal-c-p-b-lg:var(--wp--preset--spacing--30);--_hfal-c-w-md:57%;--_hfal-c-d-md:flex;--_hfal-c-d-sm:flex;--_hfal-c-bxs-md:0px 0px 3px 0px #39404945;--_hfal-c-bxs-sm:0px 0px 3px 0px #39404945;--_hfal-c-m-t-md:2px;--_hfal-c-m-t-sm:2px;--_hfal-c-m-b-md:2px;--_hfal-c-m-b-sm:2px;--_hfal-c-m-r-md:2px;--_hfal-c-m-r-sm:2px;--_hfal-c-m-l-md:2px;--_hfal-c-m-l-sm:2px;--_hfal-c-p-b-md:var(--wp--preset--spacing--30);--_hfal-c-p-b-sm:var(--wp--preset--spacing--30);\" class=\"wp-block-habefast-advanced-layout-col\">\r\n        <div class=\"wp-block-habefast-advanced-layout-col-container is-layout-flow\">\r\n          \n\n<div class=\"wp-block-group has-theme-white-background-color has-background is-vertical is-content-justification-center is-layout-flex wp-container-core-group-is-layout-fa38c63a wp-block-group-is-layout-flex\">\n<figure class=\"wp-block-image size-full  \"><img loading=\"lazy\" decoding=\"async\" width=\"1179\" height=\"513\" src=\"https:\/\/carrieres-vmcv.ch\/wp-content\/uploads\/2024\/02\/vmcv-espace-carriere-image-aspirant-conducteur-de-bus@3x.jpg\" alt=\"Vmcv Espace Carri&#xE8;re Image Aspirant Busfahrer@3x\" class=\"wp-image-299\" style=\"object-fit:cover\" srcset=\"https:\/\/carrieres-vmcv.ch\/wp-content\/uploads\/2024\/02\/vmcv-espace-carriere-image-aspirant-conducteur-de-bus@3x.jpg 1179w, https:\/\/carrieres-vmcv.ch\/wp-content\/uploads\/2024\/02\/vmcv-espace-carriere-image-aspirant-conducteur-de-bus@3x-300x131.jpg 300w, https:\/\/carrieres-vmcv.ch\/wp-content\/uploads\/2024\/02\/vmcv-espace-carriere-image-aspirant-conducteur-de-bus@3x-1024x446.jpg 1024w, https:\/\/carrieres-vmcv.ch\/wp-content\/uploads\/2024\/02\/vmcv-espace-carriere-image-aspirant-conducteur-de-bus@3x-768x334.jpg 768w\" sizes=\"(max-width: 1179px) 100vw, 1179px\" \/><\/figure>\n\n\n\n<p class=\"has-text-align-center has-poppins-font-family has-normal-font-size  \"><strong>Programm Aspirantenfahrer <br\/>(M\/F)<\/strong><\/p>\n\n\n\n<div class=\"wp-block-buttons is-content-justification-center is-layout-flex wp-container-core-buttons-is-layout-098cc607 wp-block-buttons-is-layout-flex\">\n<div class=\"wp-block-button is-style-back-white has-poppins-font-family  \"><a class=\"wp-block-button__link has-text-align-center wp-element-button\" href=\"https:\/\/carrieres-vmcv.ch\/de\/programm-aspirantenfahrer\/\">Weitere Informationen<\/a><\/div>\n<\/div>\n<\/div>\n\n        <\/div>\r\n      <\/div>\r\n      \n\n      <div style=\"--_hfal-c-d-lg:flex;--_hfal-c-w-lg:33.3333333333%;--_hfal-c-w-sm:100%;--_hfal-c-bxs-lg:0px 0px 3px 0px #39404945;--_hfal-c-m-t-lg:2px;--_hfal-c-m-b-lg:2px;--_hfal-c-m-l-lg:2px;--_hfal-c-m-r-lg:2px;--_hfal-c-p-b-lg:var(--wp--preset--spacing--30);--_hfal-c-w-md:57%;--_hfal-c-d-md:flex;--_hfal-c-d-sm:flex;--_hfal-c-bxs-md:0px 0px 3px 0px #39404945;--_hfal-c-bxs-sm:0px 0px 3px 0px #39404945;--_hfal-c-m-t-md:2px;--_hfal-c-m-t-sm:2px;--_hfal-c-m-b-md:2px;--_hfal-c-m-b-sm:2px;--_hfal-c-m-l-md:2px;--_hfal-c-m-l-sm:2px;--_hfal-c-m-r-md:2px;--_hfal-c-m-r-sm:2px;--_hfal-c-p-b-md:var(--wp--preset--spacing--30);--_hfal-c-p-b-sm:var(--wp--preset--spacing--30);\" class=\"wp-block-habefast-advanced-layout-col\">\r\n        <div class=\"wp-block-habefast-advanced-layout-col-container is-layout-flow\">\r\n          \n\n<div class=\"wp-block-group has-theme-white-background-color has-background is-vertical is-content-justification-center is-layout-flex wp-container-core-group-is-layout-5e763914 wp-block-group-is-layout-flex\">\n<figure class=\"wp-block-image size-full  \"><img loading=\"lazy\" decoding=\"async\" width=\"1179\" height=\"513\" src=\"https:\/\/carrieres-vmcv.ch\/wp-content\/uploads\/2024\/03\/vmcv-espace-carriere-image-postes-a-pourvoir@3x.jpg\" alt=\"Vmcv Espace Carri&#xE8;re Image Offene Stellen\" class=\"wp-image-827\" style=\"object-fit:cover\" srcset=\"https:\/\/carrieres-vmcv.ch\/wp-content\/uploads\/2024\/03\/vmcv-espace-carriere-image-postes-a-pourvoir@3x.jpg 1179w, https:\/\/carrieres-vmcv.ch\/wp-content\/uploads\/2024\/03\/vmcv-espace-carriere-image-postes-a-pourvoir@3x-300x131.jpg 300w, https:\/\/carrieres-vmcv.ch\/wp-content\/uploads\/2024\/03\/vmcv-espace-carriere-image-postes-a-pourvoir@3x-1024x446.jpg 1024w, https:\/\/carrieres-vmcv.ch\/wp-content\/uploads\/2024\/03\/vmcv-espace-carriere-image-postes-a-pourvoir@3x-768x334.jpg 768w\" sizes=\"(max-width: 1179px) 100vw, 1179px\" \/><\/figure>\n\n\n\n<p class=\"has-text-align-center has-poppins-font-family has-normal-font-size  \"><strong>Offene Stellen<br\/><\/strong><br\/><\/p>\n\n\n\n<div class=\"wp-block-buttons is-content-justification-center is-layout-flex wp-container-core-buttons-is-layout-098cc607 wp-block-buttons-is-layout-flex\">\n<div class=\"wp-block-button is-style-back-white has-poppins-font-family  \"><a class=\"wp-block-button__link has-text-align-center wp-element-button\" href=\"https:\/\/www.jobup.ch\/en\/enterprises\/3944-transports-publics-vmcv\/\" target=\"_blank\" rel=\"noreferrer noopener\">Entdecken Sie die Angebote<\/a><\/div>\n<\/div>\n<\/div>\n\n        <\/div>\r\n      <\/div>\r\n      \n        <\/div>\r\n      <\/div>\r\n      \n        <\/div>\r\n      <\/div>\r\n      ","protected":false},"excerpt":{"rendered":"<p>VMCV zu w\u00e4hlen bedeutet, eine Leidenschaft f\u00fcr den \u00f6ffentlichen Verkehr im Alltag zu leben, In der au\u00dfergew\u00f6hnlichen Umgebung der Riviera. Als Arbeitgeber legen wir gro\u00dfen Wert auf ein ausgewogenes Verh\u00e4ltnis von Berufs- und Privatleben mit flexiblen Arbeitszeiten, die auf Ihre Situation zugeschnitten sind. Wir sind daher bestrebt, ein angenehmes und stimulierendes Arbeitsumfeld zu schaffen, mit [&hellip;]<\/p>\n","protected":false},"author":1,"featured_media":0,"parent":0,"menu_order":0,"comment_status":"closed","ping_status":"closed","template":"","meta":{"_habefastfse_class":"","footnotes":""},"class_list":["post-1187","page","type-page","status-publish","hentry"],"yoast_head":"<!-- This site is optimized with the Yoast SEO plugin v25.8 - https:\/\/yoast.com\/wordpress\/plugins\/seo\/ -->\n<title>Jobs \u00d6ffentlicher Verkehr - Kommen Sie zu VMCV<\/title>\n<meta name=\"description\" content=\"Sie begeistern sich f\u00fcr den \u00f6ffentlichen Nahverkehr und sind auf der Suche nach einem Job? Entdecken Sie die Vorteile, bei VMCV in Clarens zu arbeiten.\" \/>\n<meta name=\"robots\" content=\"index, follow, max-snippet:-1, max-image-preview:large, max-video-preview:-1\" \/>\n<link rel=\"canonical\" href=\"https:\/\/carrieres-vmcv.ch\/de\/warum-vmcv\/\" \/>\n<meta property=\"og:locale\" content=\"de_DE\" \/>\n<meta property=\"og:type\" content=\"article\" \/>\n<meta property=\"og:title\" content=\"Jobs \u00d6ffentlicher Verkehr - Kommen Sie zu VMCV\" \/>\n<meta property=\"og:description\" content=\"Sie begeistern sich f\u00fcr den \u00f6ffentlichen Nahverkehr und sind auf der Suche nach einem Job? Entdecken Sie die Vorteile, bei VMCV in Clarens zu arbeiten.\" \/>\n<meta property=\"og:url\" content=\"https:\/\/carrieres-vmcv.ch\/de\/warum-vmcv\/\" \/>\n<meta property=\"og:site_name\" content=\"VMCV\" \/>\n<meta property=\"article:modified_time\" content=\"2024-09-27T09:11:27+00:00\" \/>\n<meta property=\"og:image\" content=\"https:\/\/carrieres-vmcv.ch\/wp-content\/uploads\/2024\/03\/vmcv-bandeau-pourquoi-travailler-chez-vmcv@3x-1-scaled.jpg\" \/>\n<meta name=\"twitter:card\" content=\"summary_large_image\" \/>\n<meta name=\"twitter:label1\" content=\"Gesch\u00e4tzte Lesezeit\" \/>\n\t<meta name=\"twitter:data1\" content=\"6\u00a0Minuten\" \/>\n<script type=\"application\/ld+json\" class=\"yoast-schema-graph\">{\"@context\":\"https:\/\/schema.org\",\"@graph\":[{\"@type\":\"WebPage\",\"@id\":\"https:\/\/carrieres-vmcv.ch\/de\/warum-vmcv\/\",\"url\":\"https:\/\/carrieres-vmcv.ch\/de\/warum-vmcv\/\",\"name\":\"Jobs \u00d6ffentlicher Verkehr - Kommen Sie zu VMCV\",\"isPartOf\":{\"@id\":\"https:\/\/carrieres-vmcv.ch\/de\/#website\"},\"primaryImageOfPage\":{\"@id\":\"https:\/\/carrieres-vmcv.ch\/de\/warum-vmcv\/#primaryimage\"},\"image\":{\"@id\":\"https:\/\/carrieres-vmcv.ch\/de\/warum-vmcv\/#primaryimage\"},\"thumbnailUrl\":\"https:\/\/carrieres-vmcv.ch\/wp-content\/uploads\/2024\/03\/vmcv-bandeau-pourquoi-travailler-chez-vmcv@3x-1-scaled.jpg\",\"datePublished\":\"2024-02-16T15:52:24+00:00\",\"dateModified\":\"2024-09-27T09:11:27+00:00\",\"description\":\"Sie begeistern sich f\u00fcr den \u00f6ffentlichen Nahverkehr und sind auf der Suche nach einem Job? Entdecken Sie die Vorteile, bei VMCV in Clarens zu arbeiten.\",\"breadcrumb\":{\"@id\":\"https:\/\/carrieres-vmcv.ch\/de\/warum-vmcv\/#breadcrumb\"},\"inLanguage\":\"de\",\"potentialAction\":[{\"@type\":\"ReadAction\",\"target\":[\"https:\/\/carrieres-vmcv.ch\/de\/warum-vmcv\/\"]}]},{\"@type\":\"ImageObject\",\"inLanguage\":\"de\",\"@id\":\"https:\/\/carrieres-vmcv.ch\/de\/warum-vmcv\/#primaryimage\",\"url\":\"https:\/\/carrieres-vmcv.ch\/wp-content\/uploads\/2024\/03\/vmcv-bandeau-pourquoi-travailler-chez-vmcv@3x-1-scaled.jpg\",\"contentUrl\":\"https:\/\/carrieres-vmcv.ch\/wp-content\/uploads\/2024\/03\/vmcv-bandeau-pourquoi-travailler-chez-vmcv@3x-1-scaled.jpg\"},{\"@type\":\"BreadcrumbList\",\"@id\":\"https:\/\/carrieres-vmcv.ch\/de\/warum-vmcv\/#breadcrumb\",\"itemListElement\":[{\"@type\":\"ListItem\",\"position\":1,\"name\":\"Accueil\",\"item\":\"https:\/\/carrieres-vmcv.ch\/de\/\"},{\"@type\":\"ListItem\",\"position\":2,\"name\":\"Warum VMCV\"}]},{\"@type\":\"WebSite\",\"@id\":\"https:\/\/carrieres-vmcv.ch\/de\/#website\",\"url\":\"https:\/\/carrieres-vmcv.ch\/de\/\",\"name\":\"VMCV\",\"description\":\"\",\"publisher\":{\"@id\":\"https:\/\/carrieres-vmcv.ch\/de\/#organization\"},\"potentialAction\":[{\"@type\":\"SearchAction\",\"target\":{\"@type\":\"EntryPoint\",\"urlTemplate\":\"https:\/\/carrieres-vmcv.ch\/de\/?s={search_term_string}\"},\"query-input\":{\"@type\":\"PropertyValueSpecification\",\"valueRequired\":true,\"valueName\":\"search_term_string\"}}],\"inLanguage\":\"de\"},{\"@type\":\"Organization\",\"@id\":\"https:\/\/carrieres-vmcv.ch\/de\/#organization\",\"name\":\"VMCV\",\"url\":\"https:\/\/carrieres-vmcv.ch\/de\/\",\"logo\":{\"@type\":\"ImageObject\",\"inLanguage\":\"de\",\"@id\":\"https:\/\/carrieres-vmcv.ch\/de\/#\/schema\/logo\/image\/\",\"url\":\"https:\/\/carrieres-vmcv.ch\/wp-content\/uploads\/2024\/02\/vmcv-logo-menu@2x.png\",\"contentUrl\":\"https:\/\/carrieres-vmcv.ch\/wp-content\/uploads\/2024\/02\/vmcv-logo-menu@2x.png\",\"width\":136,\"height\":70,\"caption\":\"VMCV\"},\"image\":{\"@id\":\"https:\/\/carrieres-vmcv.ch\/de\/#\/schema\/logo\/image\/\"}}]}<\/script>\n<!-- \/ Yoast SEO plugin. -->","yoast_head_json":{"title":"Jobs \u00d6ffentlicher Verkehr - Kommen Sie zu VMCV","description":"Sie begeistern sich f\u00fcr den \u00f6ffentlichen Nahverkehr und sind auf der Suche nach einem Job? Entdecken Sie die Vorteile, bei VMCV in Clarens zu arbeiten.","robots":{"index":"index","follow":"follow","max-snippet":"max-snippet:-1","max-image-preview":"max-image-preview:large","max-video-preview":"max-video-preview:-1"},"canonical":"https:\/\/carrieres-vmcv.ch\/de\/warum-vmcv\/","og_locale":"de_DE","og_type":"article","og_title":"Jobs \u00d6ffentlicher Verkehr - Kommen Sie zu VMCV","og_description":"Sie begeistern sich f\u00fcr den \u00f6ffentlichen Nahverkehr und sind auf der Suche nach einem Job? Entdecken Sie die Vorteile, bei VMCV in Clarens zu arbeiten.","og_url":"https:\/\/carrieres-vmcv.ch\/de\/warum-vmcv\/","og_site_name":"VMCV","article_modified_time":"2024-09-27T09:11:27+00:00","og_image":[{"url":"https:\/\/carrieres-vmcv.ch\/wp-content\/uploads\/2024\/03\/vmcv-bandeau-pourquoi-travailler-chez-vmcv@3x-1-scaled.jpg","type":"","width":"","height":""}],"twitter_card":"summary_large_image","twitter_misc":{"Gesch\u00e4tzte Lesezeit":"6\u00a0Minuten"},"schema":{"@context":"https:\/\/schema.org","@graph":[{"@type":"WebPage","@id":"https:\/\/carrieres-vmcv.ch\/de\/warum-vmcv\/","url":"https:\/\/carrieres-vmcv.ch\/de\/warum-vmcv\/","name":"Jobs \u00d6ffentlicher Verkehr - Kommen Sie zu VMCV","isPartOf":{"@id":"https:\/\/carrieres-vmcv.ch\/de\/#website"},"primaryImageOfPage":{"@id":"https:\/\/carrieres-vmcv.ch\/de\/warum-vmcv\/#primaryimage"},"image":{"@id":"https:\/\/carrieres-vmcv.ch\/de\/warum-vmcv\/#primaryimage"},"thumbnailUrl":"https:\/\/carrieres-vmcv.ch\/wp-content\/uploads\/2024\/03\/vmcv-bandeau-pourquoi-travailler-chez-vmcv@3x-1-scaled.jpg","datePublished":"2024-02-16T15:52:24+00:00","dateModified":"2024-09-27T09:11:27+00:00","description":"Sie begeistern sich f\u00fcr den \u00f6ffentlichen Nahverkehr und sind auf der Suche nach einem Job? Entdecken Sie die Vorteile, bei VMCV in Clarens zu arbeiten.","breadcrumb":{"@id":"https:\/\/carrieres-vmcv.ch\/de\/warum-vmcv\/#breadcrumb"},"inLanguage":"de","potentialAction":[{"@type":"ReadAction","target":["https:\/\/carrieres-vmcv.ch\/de\/warum-vmcv\/"]}]},{"@type":"ImageObject","inLanguage":"de","@id":"https:\/\/carrieres-vmcv.ch\/de\/warum-vmcv\/#primaryimage","url":"https:\/\/carrieres-vmcv.ch\/wp-content\/uploads\/2024\/03\/vmcv-bandeau-pourquoi-travailler-chez-vmcv@3x-1-scaled.jpg","contentUrl":"https:\/\/carrieres-vmcv.ch\/wp-content\/uploads\/2024\/03\/vmcv-bandeau-pourquoi-travailler-chez-vmcv@3x-1-scaled.jpg"},{"@type":"BreadcrumbList","@id":"https:\/\/carrieres-vmcv.ch\/de\/warum-vmcv\/#breadcrumb","itemListElement":[{"@type":"ListItem","position":1,"name":"Accueil","item":"https:\/\/carrieres-vmcv.ch\/de\/"},{"@type":"ListItem","position":2,"name":"Warum VMCV"}]},{"@type":"WebSite","@id":"https:\/\/carrieres-vmcv.ch\/de\/#website","url":"https:\/\/carrieres-vmcv.ch\/de\/","name":"VMCV","description":"","publisher":{"@id":"https:\/\/carrieres-vmcv.ch\/de\/#organization"},"potentialAction":[{"@type":"SearchAction","target":{"@type":"EntryPoint","urlTemplate":"https:\/\/carrieres-vmcv.ch\/de\/?s={search_term_string}"},"query-input":{"@type":"PropertyValueSpecification","valueRequired":true,"valueName":"search_term_string"}}],"inLanguage":"de"},{"@type":"Organization","@id":"https:\/\/carrieres-vmcv.ch\/de\/#organization","name":"VMCV","url":"https:\/\/carrieres-vmcv.ch\/de\/","logo":{"@type":"ImageObject","inLanguage":"de","@id":"https:\/\/carrieres-vmcv.ch\/de\/#\/schema\/logo\/image\/","url":"https:\/\/carrieres-vmcv.ch\/wp-content\/uploads\/2024\/02\/vmcv-logo-menu@2x.png","contentUrl":"https:\/\/carrieres-vmcv.ch\/wp-content\/uploads\/2024\/02\/vmcv-logo-menu@2x.png","width":136,"height":70,"caption":"VMCV"},"image":{"@id":"https:\/\/carrieres-vmcv.ch\/de\/#\/schema\/logo\/image\/"}}]}},"_links":{"self":[{"href":"https:\/\/carrieres-vmcv.ch\/de\/wp-json\/wp\/v2\/pages\/1187","targetHints":{"allow":["GET"]}}],"collection":[{"href":"https:\/\/carrieres-vmcv.ch\/de\/wp-json\/wp\/v2\/pages"}],"about":[{"href":"https:\/\/carrieres-vmcv.ch\/de\/wp-json\/wp\/v2\/types\/page"}],"author":[{"embeddable":true,"href":"https:\/\/carrieres-vmcv.ch\/de\/wp-json\/wp\/v2\/users\/1"}],"replies":[{"embeddable":true,"href":"https:\/\/carrieres-vmcv.ch\/de\/wp-json\/wp\/v2\/comments?post=1187"}],"version-history":[{"count":18,"href":"https:\/\/carrieres-vmcv.ch\/de\/wp-json\/wp\/v2\/pages\/1187\/revisions"}],"predecessor-version":[{"id":1388,"href":"https:\/\/carrieres-vmcv.ch\/de\/wp-json\/wp\/v2\/pages\/1187\/revisions\/1388"}],"wp:attachment":[{"href":"https:\/\/carrieres-vmcv.ch\/de\/wp-json\/wp\/v2\/media?parent=1187"}],"curies":[{"name":"wp","href":"https:\/\/api.w.org\/{rel}","templated":true}]}}